{"id":7676,"date":"2021-10-20T22:53:41","date_gmt":"2021-10-20T20:53:41","guid":{"rendered":"https:\/\/eterle.cz\/eshop\/produkt\/mlekovka-vysoka-haas-a-czjzek\/"},"modified":"2026-02-08T10:04:45","modified_gmt":"2026-02-08T09:04:45","slug":"mlekovka-vysoka-haas-a-czjzek","status":"publish","type":"product","link":"https:\/\/eterle.cz\/eshop\/produkt\/mlekovka-vysoka-haas-a-czjzek\/","title":{"rendered":"Ml\u00e9kovka (vysok\u00e1) \/ Haas a Czjzek"},"content":{"rendered":"<p>Ml\u00e9kovka z porcel\u00e1nky Haas Czjek je nezna\u010den\u00e1 nebo\u0165 byla koupena u\u017e p\u0159i likvidaci t\u00e9to firmy. V meziv\u00e1le\u010dn\u00e9m \u010ceskoslovensku pat\u0159ila porcel\u00e1nka Haas a Czjzek k nejv\u011bt\u0161\u00edm v\u00fdrobc\u016fm porcel\u00e1nu a u p\u0159\u00edle\u017eitosti 200 let od zalo\u017een\u00ed byla dokonce prohl\u00e1\u0161ena kulturn\u00ed pam\u00e1tkou. V roce 2009 ji koupil rusk\u00fd oligarch s c\u00edlem vyv\u00e1\u017eet luxusn\u00ed porcel\u00e1n do Ruska, n\u00e1sledn\u011b byla op\u011bt v \u010desk\u00fdch ruk\u00e1ch, ale v roce 2014 p\u0159i\u0161el jej\u00ed definitivn\u00ed konec. Jsme r\u00e1di, \u017ee jsme p\u00e1r kousk\u016f zachr\u00e1nili pro \u010desk\u00fd trh. Ml\u00e9kovku m\u016f\u017eete doplnit o dal\u0161\u00ed produkty t\u00e9to zna\u010dky: <a href=\"https:\/\/eterle.cz\/eshop\/produkt\/cukrenka-s-jablickem-haas-a-czjzek\/\">cuk\u0159enku<\/a>, hrne\u010dky s pod\u0161\u00e1lkem <a href=\"https:\/\/eterle.cz\/eshop\/produkt\/hrnecek-na-caj-s-podsalkem-haas-a-czjzek\/\">m\u00e9n\u011b<\/a> \u010di <a href=\"https:\/\/eterle.cz\/eshop\/produkt\/hrnecek-na-caj-s-podsalkem-haas-a-czjzek-2\/\">v\u00edce<\/a> zdoben\u00e9 nebo o <a href=\"https:\/\/eterle.cz\/eshop\/produkt\/konvicka-na-caj-haas-a-czjzek\/\">konvici na \u010daj.<\/a><\/p>\n<p>Stav: perfektn\u00ed<br \/>\nZna\u010dka: Haas a Czjzek nezna\u010den\u00e9<br \/>\nRozm\u011br<br \/>\nV\u00fd\u0161ka: 12 cm<br \/>\nObjem: 350 ml<\/p>\n","protected":false},"excerpt":{"rendered":"<p>Ml\u00e9kovka z porcel\u00e1nky Haas Czjek je nezna\u010den\u00e1 nebo\u0165 byla koupena u\u017e p\u0159i likvidaci t\u00e9to firmy. V meziv\u00e1le\u010dn\u00e9m \u010ceskoslovensku pat\u0159ila porcel\u00e1nka<\/p>\n","protected":false},"featured_media":7677,"template":"","meta":[],"product_brand":[153],"product_cat":[76,108],"product_tag":[],"class_list":{"0":"post-7676","1":"product","2":"type-product","3":"status-publish","4":"has-post-thumbnail","6":"product_brand-eterle-cz","7":"product_cat-porcelan","8":"product_cat-cukrenky-a-mlekovky","10":"first","11":"instock","12":"purchasable","13":"product-type-simple"},"_links":{"self":[{"href":"https:\/\/eterle.cz\/eshop\/wp-json\/wp\/v2\/product\/7676","targetHints":{"allow":["GET"]}}],"collection":[{"href":"https:\/\/eterle.cz\/eshop\/wp-json\/wp\/v2\/product"}],"about":[{"href":"https:\/\/eterle.cz\/eshop\/wp-json\/wp\/v2\/types\/product"}],"version-history":[{"count":1,"href":"https:\/\/eterle.cz\/eshop\/wp-json\/wp\/v2\/product\/7676\/revisions"}],"predecessor-version":[{"id":26103,"href":"https:\/\/eterle.cz\/eshop\/wp-json\/wp\/v2\/product\/7676\/revisions\/26103"}],"wp:featuredmedia":[{"embeddable":true,"href":"https:\/\/eterle.cz\/eshop\/wp-json\/wp\/v2\/media\/7677"}],"wp:attachment":[{"href":"https:\/\/eterle.cz\/eshop\/wp-json\/wp\/v2\/media?parent=7676"}],"wp:term":[{"taxonomy":"product_brand","embeddable":true,"href":"https:\/\/eterle.cz\/eshop\/wp-json\/wp\/v2\/product_brand?post=7676"},{"taxonomy":"product_cat","embeddable":true,"href":"https:\/\/eterle.cz\/eshop\/wp-json\/wp\/v2\/product_cat?post=7676"},{"taxonomy":"product_tag","embeddable":true,"href":"https:\/\/eterle.cz\/eshop\/wp-json\/wp\/v2\/product_tag?post=7676"}],"curies":[{"name":"wp","href":"https:\/\/api.w.org\/{rel}","templated":true}]}}